{"id":227,"date":"2024-06-14T11:00:17","date_gmt":"2024-06-14T09:00:17","guid":{"rendered":"https:\/\/makomvan.hu\/ikonik-spa\/?page_id=227"},"modified":"2024-07-03T10:28:03","modified_gmt":"2024-07-03T08:28:03","slug":"nyiregyhaza-latnivaloi","status":"publish","type":"page","link":"https:\/\/ikonikspapanzio.hu\/hu\/nyiregyhaza-latnivaloi\/","title":{"rendered":"Ny\u00edregyh\u00e1za l\u00e1tnival\u00f3i"},"content":{"rendered":"\t\t<div data-elementor-type=\"wp-page\" data-elementor-id=\"227\" class=\"elementor elementor-227\" data-elementor-post-type=\"page\">\n\t\t\t\t<div class=\"elementor-element elementor-element-54c571c5 e-flex e-con-boxed e-con e-parent\" data-id=\"54c571c5\" data-element_type=\"container\" data-settings=\"{&quot;jet_parallax_layout_list&quot;:[]}\">\n\t\t\t\t\t<div class=\"e-con-inner\">\n\t\t\t\t<div class=\"elementor-element elementor-element-0a9b3d0 elementor-widget elementor-widget-heading\" data-id=\"0a9b3d0\" data-element_type=\"widget\" data-widget_type=\"heading.default\">\n\t\t\t\t<div class=\"elementor-widget-container\">\n\t\t\t<style>\/*! elementor - v3.23.0 - 05-08-2024 *\/\n.elementor-heading-title{padding:0;margin:0;line-height:1}.elementor-widget-heading .elementor-heading-title[class*=elementor-size-]>a{color:inherit;font-size:inherit;line-height:inherit}.elementor-widget-heading .elementor-heading-title.elementor-size-small{font-size:15px}.elementor-widget-heading .elementor-heading-title.elementor-size-medium{font-size:19px}.elementor-widget-heading .elementor-heading-title.elementor-size-large{font-size:29px}.elementor-widget-heading .elementor-heading-title.elementor-size-xl{font-size:39px}.elementor-widget-heading .elementor-heading-title.elementor-size-xxl{font-size:59px}<\/style><h2 class=\"elementor-heading-title elementor-size-default\">Ny\u00edregyh\u00e1za l\u00e1tnival\u00f3i<\/h2>\t\t<\/div>\n\t\t\t\t<\/div>\n\t\t\t\t<div class=\"elementor-element elementor-element-ca63bc6 elementor-widget elementor-widget-obfx-posts-grid\" data-id=\"ca63bc6\" data-element_type=\"widget\" data-widget_type=\"obfx-posts-grid.default\">\n\t\t\t\t<div class=\"elementor-widget-container\">\n\t\t\t<div class=\"obfx-grid\"><div class=\"obfx-grid-container obfx-grid-desktop-3\"><div class=\"obfx-grid-wrapper\"><article class=\"obfx-grid-col\"><div class=\"obfx-grid-col-image\" ><a href=\"https:\/\/ikonikspapanzio.hu\/hu\/zsinagoga\/\" title=\"Zsinag\u00f3ga\"><img fetchpriority=\"high\" decoding=\"async\" width=\"1024\" height=\"683\" src=\"https:\/\/ikonikspapanzio.hu\/wp-content\/uploads\/2024\/06\/zsinagoga-262-7NTM4mPRqI-o.jpg\" class=\"img-responsive wp-post-image\" alt=\"zsinagoga-262-7NTM4mPRqI-o\" srcset=\"https:\/\/ikonikspapanzio.hu\/wp-content\/uploads\/2024\/06\/zsinagoga-262-7NTM4mPRqI-o.jpg 1024w, https:\/\/ikonikspapanzio.hu\/wp-content\/uploads\/2024\/06\/zsinagoga-262-7NTM4mPRqI-o-300x200.jpg 300w, https:\/\/ikonikspapanzio.hu\/wp-content\/uploads\/2024\/06\/zsinagoga-262-7NTM4mPRqI-o-768x512.jpg 768w, https:\/\/ikonikspapanzio.hu\/wp-content\/uploads\/2024\/06\/zsinagoga-262-7NTM4mPRqI-o-600x400.jpg 600w\" sizes=\"(max-width: 1024px) 100vw, 1024px\" \/><\/a><\/div><div class=\"obfx-grid-col-content\">\t\t\t<h2 class=\"entry-title obfx-grid-title\">\n\t\t\t\t\t\t\t<a href=\"https:\/\/ikonikspapanzio.hu\/hu\/zsinagoga\/\" title=\"Zsinag\u00f3ga\">\n\t\t\t\t\tZsinag\u00f3ga\t\t\t\t<\/a>\n\t\t\t\t\t\t\t<\/h2>\n\t\t\t\t\t\t<div class=\"entry-content obfx-grid-content\">\n\t\t\t\tA ny\u00edregyh\u00e1zi zsinag\u00f3g\u00e1t Baumhorn Lip\u00f3t \u2013 a korszak legjelent\u0151sebb zsinag\u00f3gatervez\u0151je \u00e9s -\u00e9p\u00edt\u0151je \u2013 tervei alapj\u00e1n \u00e9p\u00edttette az orthodox izraelita hitk\u00f6zs\u00e9g 1923-24-ben, de csak 1932-ben k\u00e9sz\u00fclt el teljesen. Ez a zsinag\u00f3ga&hellip;\t\t\t<\/div>\n\t\t\t<div class=\"obfx-grid-footer\"><a href=\"https:\/\/ikonikspapanzio.hu\/hu\/zsinagoga\/\" title=\"B\u0151vebben\">B\u0151vebben<\/a><\/div><\/div><\/article><\/div><div class=\"obfx-grid-wrapper\"><article class=\"obfx-grid-col\"><div class=\"obfx-grid-col-image\" ><a href=\"https:\/\/ikonikspapanzio.hu\/hu\/reformatus-templom\/\" title=\"Reform\u00e1tus templom\"><img decoding=\"async\" width=\"1280\" height=\"1917\" src=\"https:\/\/ikonikspapanzio.hu\/wp-content\/uploads\/2024\/06\/dsc6488-58525aaf02.width-1280.jpg\" class=\"img-responsive wp-post-image\" alt=\"dsc6488-58525aaf02.width-1280\" srcset=\"https:\/\/ikonikspapanzio.hu\/wp-content\/uploads\/2024\/06\/dsc6488-58525aaf02.width-1280.jpg 1280w, https:\/\/ikonikspapanzio.hu\/wp-content\/uploads\/2024\/06\/dsc6488-58525aaf02.width-1280-200x300.jpg 200w, https:\/\/ikonikspapanzio.hu\/wp-content\/uploads\/2024\/06\/dsc6488-58525aaf02.width-1280-684x1024.jpg 684w, https:\/\/ikonikspapanzio.hu\/wp-content\/uploads\/2024\/06\/dsc6488-58525aaf02.width-1280-768x1150.jpg 768w, https:\/\/ikonikspapanzio.hu\/wp-content\/uploads\/2024\/06\/dsc6488-58525aaf02.width-1280-1026x1536.jpg 1026w, https:\/\/ikonikspapanzio.hu\/wp-content\/uploads\/2024\/06\/dsc6488-58525aaf02.width-1280-600x899.jpg 600w\" sizes=\"(max-width: 1280px) 100vw, 1280px\" \/><\/a><\/div><div class=\"obfx-grid-col-content\">\t\t\t<h2 class=\"entry-title obfx-grid-title\">\n\t\t\t\t\t\t\t<a href=\"https:\/\/ikonikspapanzio.hu\/hu\/reformatus-templom\/\" title=\"Reform\u00e1tus templom\">\n\t\t\t\t\tReform\u00e1tus templom\t\t\t\t<\/a>\n\t\t\t\t\t\t\t<\/h2>\n\t\t\t\t\t\t<div class=\"entry-content obfx-grid-content\">\n\t\t\t\tA csod\u00e1latos sz\u00e9ps\u00e9g\u0171 kelet-nyugati fekv\u00e9s\u0171 templom Melhouse J\u00e1nos tervei alapj\u00e1n k\u00e9sz\u00fclt 1873-82 k\u00f6z\u00f6tt, romantikus st\u00edlusban. 1936-ban karzatot \u00e9p\u00edtettek a templomban \u00e9s a homlokzat\u00e1ra \u00f3ra ker\u00fclt, \u00edgy v\u00e1lt a K\u00e1lvin t\u00e9r&hellip;\t\t\t<\/div>\n\t\t\t<div class=\"obfx-grid-footer\"><a href=\"https:\/\/ikonikspapanzio.hu\/hu\/reformatus-templom\/\" title=\"B\u0151vebben\">B\u0151vebben<\/a><\/div><\/div><\/article><\/div><div class=\"obfx-grid-wrapper\"><article class=\"obfx-grid-col\"><div class=\"obfx-grid-col-image\" ><a href=\"https:\/\/ikonikspapanzio.hu\/hu\/evangelikus-templom\/\" title=\"Evang\u00e9likus templom\"><img decoding=\"async\" width=\"2048\" height=\"1365\" src=\"https:\/\/ikonikspapanzio.hu\/wp-content\/uploads\/2024\/06\/Nyiregyhazi-Evangelikus-Egyhazkozseg-Leveltara.jpg\" class=\"img-responsive wp-post-image\" alt=\"Nyiregyhazi-Evangelikus-Egyhazkozseg-Leveltara\" srcset=\"https:\/\/ikonikspapanzio.hu\/wp-content\/uploads\/2024\/06\/Nyiregyhazi-Evangelikus-Egyhazkozseg-Leveltara.jpg 2048w, https:\/\/ikonikspapanzio.hu\/wp-content\/uploads\/2024\/06\/Nyiregyhazi-Evangelikus-Egyhazkozseg-Leveltara-300x200.jpg 300w, https:\/\/ikonikspapanzio.hu\/wp-content\/uploads\/2024\/06\/Nyiregyhazi-Evangelikus-Egyhazkozseg-Leveltara-1024x683.jpg 1024w, https:\/\/ikonikspapanzio.hu\/wp-content\/uploads\/2024\/06\/Nyiregyhazi-Evangelikus-Egyhazkozseg-Leveltara-768x512.jpg 768w, https:\/\/ikonikspapanzio.hu\/wp-content\/uploads\/2024\/06\/Nyiregyhazi-Evangelikus-Egyhazkozseg-Leveltara-1536x1024.jpg 1536w, https:\/\/ikonikspapanzio.hu\/wp-content\/uploads\/2024\/06\/Nyiregyhazi-Evangelikus-Egyhazkozseg-Leveltara-600x400.jpg 600w\" sizes=\"(max-width: 2048px) 100vw, 2048px\" \/><\/a><\/div><div class=\"obfx-grid-col-content\">\t\t\t<h2 class=\"entry-title obfx-grid-title\">\n\t\t\t\t\t\t\t<a href=\"https:\/\/ikonikspapanzio.hu\/hu\/evangelikus-templom\/\" title=\"Evang\u00e9likus templom\">\n\t\t\t\t\tEvang\u00e9likus templom\t\t\t\t<\/a>\n\t\t\t\t\t\t\t<\/h2>\n\t\t\t\t\t\t<div class=\"entry-content obfx-grid-content\">\n\t\t\t\tNy\u00edregyh\u00e1za legr\u00e9gebbi \u00e9p\u00fclete \u00e9s egyben leg\u00e9rt\u00e9kesebb m\u0171eml\u00e9ke a barokk evang\u00e9likus templom, mely egyben Ny\u00edregyh\u00e1za zenei \u00e9let\u00e9nek fontos helysz\u00edne. A Ny\u00edregyh\u00e1z\u00e1ra 1753-ban B\u00e9k\u00e9s megy\u00e9b\u0151l \u00e9rkez\u0151 evang\u00e9likus vall\u00e1s\u00fa lakosok \u00e9p\u00edtett\u00e9k a templomot&hellip;\t\t\t<\/div>\n\t\t\t<div class=\"obfx-grid-footer\"><a href=\"https:\/\/ikonikspapanzio.hu\/hu\/evangelikus-templom\/\" title=\"B\u0151vebben\">B\u0151vebben<\/a><\/div><\/div><\/article><\/div><div class=\"obfx-grid-wrapper\"><article class=\"obfx-grid-col\"><div class=\"obfx-grid-col-image\" ><a href=\"https:\/\/ikonikspapanzio.hu\/hu\/szent-miklos-gorogkatolikus-szekesegyhaz\/\" title=\"Szent Mikl\u00f3s G\u00f6r\u00f6gkatolikus Sz\u00e9kesegyh\u00e1z\"><img loading=\"lazy\" decoding=\"async\" width=\"1280\" height=\"720\" src=\"https:\/\/ikonikspapanzio.hu\/wp-content\/uploads\/2024\/06\/7187.jpg\" class=\"img-responsive wp-post-image\" alt=\"7187\" srcset=\"https:\/\/ikonikspapanzio.hu\/wp-content\/uploads\/2024\/06\/7187.jpg 1280w, https:\/\/ikonikspapanzio.hu\/wp-content\/uploads\/2024\/06\/7187-300x169.jpg 300w, https:\/\/ikonikspapanzio.hu\/wp-content\/uploads\/2024\/06\/7187-1024x576.jpg 1024w, https:\/\/ikonikspapanzio.hu\/wp-content\/uploads\/2024\/06\/7187-768x432.jpg 768w, https:\/\/ikonikspapanzio.hu\/wp-content\/uploads\/2024\/06\/7187-600x338.jpg 600w\" sizes=\"(max-width: 1280px) 100vw, 1280px\" \/><\/a><\/div><div class=\"obfx-grid-col-content\">\t\t\t<h2 class=\"entry-title obfx-grid-title\">\n\t\t\t\t\t\t\t<a href=\"https:\/\/ikonikspapanzio.hu\/hu\/szent-miklos-gorogkatolikus-szekesegyhaz\/\" title=\"Szent Mikl\u00f3s G\u00f6r\u00f6gkatolikus Sz\u00e9kesegyh\u00e1z\">\n\t\t\t\t\tSzent Mikl\u00f3s G\u00f6r\u00f6gkatolikus Sz\u00e9kesegyh\u00e1z\t\t\t\t<\/a>\n\t\t\t\t\t\t\t<\/h2>\n\t\t\t\t\t\t<div class=\"entry-content obfx-grid-content\">\n\t\t\t\tA k\u00e9ttorny\u00fa, g\u00f6r\u00f6gkereszt alaprajz\u00fa, eklektikus st\u00edlus\u00fa templomot 1897. okt\u00f3ber 10-\u00e9n szentelt\u00e9k fel, akkor m\u00e9g a Munk\u00e1csi Egyh\u00e1zmegye r\u00e9szek\u00e9nt. Az 1912-ben alap\u00edtott Hajd\u00fadorogi Egyh\u00e1zmegye els\u0151 sz\u00e9khelye Debrecen lett, de a k\u00e9t&hellip;\t\t\t<\/div>\n\t\t\t<div class=\"obfx-grid-footer\"><a href=\"https:\/\/ikonikspapanzio.hu\/hu\/szent-miklos-gorogkatolikus-szekesegyhaz\/\" title=\"B\u0151vebben\">B\u0151vebben<\/a><\/div><\/div><\/article><\/div><div class=\"obfx-grid-wrapper\"><article class=\"obfx-grid-col\"><div class=\"obfx-grid-col-image\" ><a href=\"https:\/\/ikonikspapanzio.hu\/hu\/romai-katolikus-tarsszekesegyhaz\/\" title=\"R\u00f3mai Katolikus T\u00e1rssz\u00e9kesegyh\u00e1z\"><img loading=\"lazy\" decoding=\"async\" width=\"1350\" height=\"900\" src=\"https:\/\/ikonikspapanzio.hu\/wp-content\/uploads\/2024\/06\/romai-katolikus-templom.jpg\" class=\"img-responsive wp-post-image\" alt=\"romai-katolikus-templom\" srcset=\"https:\/\/ikonikspapanzio.hu\/wp-content\/uploads\/2024\/06\/romai-katolikus-templom.jpg 1350w, https:\/\/ikonikspapanzio.hu\/wp-content\/uploads\/2024\/06\/romai-katolikus-templom-300x200.jpg 300w, https:\/\/ikonikspapanzio.hu\/wp-content\/uploads\/2024\/06\/romai-katolikus-templom-1024x683.jpg 1024w, https:\/\/ikonikspapanzio.hu\/wp-content\/uploads\/2024\/06\/romai-katolikus-templom-768x512.jpg 768w, https:\/\/ikonikspapanzio.hu\/wp-content\/uploads\/2024\/06\/romai-katolikus-templom-600x400.jpg 600w\" sizes=\"(max-width: 1350px) 100vw, 1350px\" \/><\/a><\/div><div class=\"obfx-grid-col-content\">\t\t\t<h2 class=\"entry-title obfx-grid-title\">\n\t\t\t\t\t\t\t<a href=\"https:\/\/ikonikspapanzio.hu\/hu\/romai-katolikus-tarsszekesegyhaz\/\" title=\"R\u00f3mai Katolikus T\u00e1rssz\u00e9kesegyh\u00e1z\">\n\t\t\t\t\tR\u00f3mai Katolikus T\u00e1rssz\u00e9kesegyh\u00e1z\t\t\t\t<\/a>\n\t\t\t\t\t\t\t<\/h2>\n\t\t\t\t\t\t<div class=\"entry-content obfx-grid-content\">\n\t\t\t\tNy\u00edregyh\u00e1za egyik legismertebb \u00e9p\u00fclete a f\u0151t\u00e9ren tal\u00e1lhat\u00f3, k\u00e9ttorny\u00fa, rom\u00e1n st\u00edlus\u00fa sz\u00e9kesegyh\u00e1z. A Magyarok Nagyasszonya-templom, mely 1993 \u00f3ta a Debrecen-Ny\u00edregyh\u00e1zi Egyh\u00e1zmegye t\u00e1rssz\u00e9kesegyh\u00e1za, kett\u0151s torny\u00e1val, ar\u00e1nyaival, szerkezeti t\u00f6k\u00e9letess\u00e9g\u00e9vel \u00e9s tiszta st\u00edlus\u00e1val a&hellip;\t\t\t<\/div>\n\t\t\t<div class=\"obfx-grid-footer\"><a href=\"https:\/\/ikonikspapanzio.hu\/hu\/romai-katolikus-tarsszekesegyhaz\/\" title=\"B\u0151vebben\">B\u0151vebben<\/a><\/div><\/div><\/article><\/div><div class=\"obfx-grid-wrapper\"><article class=\"obfx-grid-col\"><div class=\"obfx-grid-col-image\" ><a href=\"https:\/\/ikonikspapanzio.hu\/hu\/tuzson-janos-botanikus-kert\/\" title=\"Tuzson J\u00e1nos Botanikus Kert\"><img loading=\"lazy\" decoding=\"async\" width=\"834\" height=\"417\" src=\"https:\/\/ikonikspapanzio.hu\/wp-content\/uploads\/2024\/06\/64247df3b6ea1400347460.jpg\" class=\"img-responsive wp-post-image\" alt=\"64247df3b6ea1400347460\" srcset=\"https:\/\/ikonikspapanzio.hu\/wp-content\/uploads\/2024\/06\/64247df3b6ea1400347460.jpg 834w, https:\/\/ikonikspapanzio.hu\/wp-content\/uploads\/2024\/06\/64247df3b6ea1400347460-300x150.jpg 300w, https:\/\/ikonikspapanzio.hu\/wp-content\/uploads\/2024\/06\/64247df3b6ea1400347460-768x384.jpg 768w, https:\/\/ikonikspapanzio.hu\/wp-content\/uploads\/2024\/06\/64247df3b6ea1400347460-600x300.jpg 600w\" sizes=\"(max-width: 834px) 100vw, 834px\" \/><\/a><\/div><div class=\"obfx-grid-col-content\">\t\t\t<h2 class=\"entry-title obfx-grid-title\">\n\t\t\t\t\t\t\t<a href=\"https:\/\/ikonikspapanzio.hu\/hu\/tuzson-janos-botanikus-kert\/\" title=\"Tuzson J\u00e1nos Botanikus Kert\">\n\t\t\t\t\tTuzson J\u00e1nos Botanikus Kert\t\t\t\t<\/a>\n\t\t\t\t\t\t\t<\/h2>\n\t\t\t\t\t\t<div class=\"entry-content obfx-grid-content\">\n\t\t\t\tA Tuzson J\u00e1nos Botanikus Kert a gy\u00f6ny\u00f6r\u0171 S\u00f3st\u00f3i erd\u0151 szomsz\u00e9ds\u00e1g\u00e1ban, a Ny\u00edregyh\u00e1zi Egyetem Karainak \u00f6lel\u00e9s\u00e9ben tal\u00e1lhat\u00f3.M\u00e1r a n\u00f6v\u00e9nyek fajsz\u00e1ma a 2.500-at, a l\u00e1togat\u00f3k sz\u00e1ma a 20.000 f\u0151t is meghaladja.\t\t\t<\/div>\n\t\t\t<div class=\"obfx-grid-footer\"><a href=\"https:\/\/ikonikspapanzio.hu\/hu\/tuzson-janos-botanikus-kert\/\" title=\"B\u0151vebben\">B\u0151vebben<\/a><\/div><\/div><\/article><\/div><div class=\"obfx-grid-wrapper\"><article class=\"obfx-grid-col\"><div class=\"obfx-grid-col-image\" ><a href=\"https:\/\/ikonikspapanzio.hu\/hu\/sostoi-muzeumfalu\/\" title=\"S\u00f3st\u00f3i M\u00fazeumfalu\"><img loading=\"lazy\" decoding=\"async\" width=\"1600\" height=\"901\" src=\"https:\/\/ikonikspapanzio.hu\/wp-content\/uploads\/2024\/06\/64247dbd9bc0c706486092.jpg\" class=\"img-responsive wp-post-image\" alt=\"64247dbd9bc0c706486092\" srcset=\"https:\/\/ikonikspapanzio.hu\/wp-content\/uploads\/2024\/06\/64247dbd9bc0c706486092.jpg 1600w, https:\/\/ikonikspapanzio.hu\/wp-content\/uploads\/2024\/06\/64247dbd9bc0c706486092-300x169.jpg 300w, https:\/\/ikonikspapanzio.hu\/wp-content\/uploads\/2024\/06\/64247dbd9bc0c706486092-1024x577.jpg 1024w, https:\/\/ikonikspapanzio.hu\/wp-content\/uploads\/2024\/06\/64247dbd9bc0c706486092-768x432.jpg 768w, https:\/\/ikonikspapanzio.hu\/wp-content\/uploads\/2024\/06\/64247dbd9bc0c706486092-1536x865.jpg 1536w, https:\/\/ikonikspapanzio.hu\/wp-content\/uploads\/2024\/06\/64247dbd9bc0c706486092-600x338.jpg 600w\" sizes=\"(max-width: 1600px) 100vw, 1600px\" \/><\/a><\/div><div class=\"obfx-grid-col-content\">\t\t\t<h2 class=\"entry-title obfx-grid-title\">\n\t\t\t\t\t\t\t<a href=\"https:\/\/ikonikspapanzio.hu\/hu\/sostoi-muzeumfalu\/\" title=\"S\u00f3st\u00f3i M\u00fazeumfalu\">\n\t\t\t\t\tS\u00f3st\u00f3i M\u00fazeumfalu\t\t\t\t<\/a>\n\t\t\t\t\t\t\t<\/h2>\n\t\t\t\t\t\t<div class=\"entry-content obfx-grid-content\">\n\t\t\t\tA S\u00f3st\u00f3i M\u00fazeumfalu egy m\u00fazeumi s\u00e9t\u00e1ra invit\u00e1lja a l\u00e1togat\u00f3kat, ahol a kapun bel\u00e9pve egy igazi 19. sz\u00e1zad v\u00e9gi faluba cs\u00f6ppen az ember. Ak\u00e1r t\u00e9len, ak\u00e1r ny\u00e1ron j\u00f6jj\u00f6n isa l\u00e1togat\u00f3, mindig&hellip;\t\t\t<\/div>\n\t\t\t<div class=\"obfx-grid-footer\"><a href=\"https:\/\/ikonikspapanzio.hu\/hu\/sostoi-muzeumfalu\/\" title=\"B\u0151vebben\">B\u0151vebben<\/a><\/div><\/div><\/article><\/div><div class=\"obfx-grid-wrapper\"><article class=\"obfx-grid-col\"><div class=\"obfx-grid-col-image\" ><a href=\"https:\/\/ikonikspapanzio.hu\/hu\/josa-andras-muzeum\/\" title=\"J\u00f3sa Andr\u00e1s M\u00fazeum\"><img loading=\"lazy\" decoding=\"async\" width=\"755\" height=\"470\" src=\"https:\/\/ikonikspapanzio.hu\/wp-content\/uploads\/2024\/06\/64247ebba7ced214263801.jpg\" class=\"img-responsive wp-post-image\" alt=\"64247ebba7ced214263801\" srcset=\"https:\/\/ikonikspapanzio.hu\/wp-content\/uploads\/2024\/06\/64247ebba7ced214263801.jpg 755w, https:\/\/ikonikspapanzio.hu\/wp-content\/uploads\/2024\/06\/64247ebba7ced214263801-600x374.jpg 600w, https:\/\/ikonikspapanzio.hu\/wp-content\/uploads\/2024\/06\/64247ebba7ced214263801-300x187.jpg 300w\" sizes=\"(max-width: 755px) 100vw, 755px\" \/><\/a><\/div><div class=\"obfx-grid-col-content\">\t\t\t<h2 class=\"entry-title obfx-grid-title\">\n\t\t\t\t\t\t\t<a href=\"https:\/\/ikonikspapanzio.hu\/hu\/josa-andras-muzeum\/\" title=\"J\u00f3sa Andr\u00e1s M\u00fazeum\">\n\t\t\t\t\tJ\u00f3sa Andr\u00e1s M\u00fazeum\t\t\t\t<\/a>\n\t\t\t\t\t\t\t<\/h2>\n\t\t\t\t\t\t<div class=\"entry-content obfx-grid-content\">\n\t\t\t\tAz alap\u00edt\u00f3 J\u00f3sa Andr\u00e1s nev\u00e9t visel\u0151 megyei hat\u00f3k\u00f6r\u0171 v\u00e1rosi m\u00fazeum. A ny\u00edregyh\u00e1zi megyei m\u00fazeum eur\u00f3pai h\u00edr\u0171 r\u00e9g\u00e9szeti gy\u0171jtem\u00e9ny\u00e9t J\u00f3sa Andr\u00e1s (1834-1918), Szabolcs v\u00e1rmegye egykori tisztif\u0151orvosa alapozta meg. Lelkes munk\u00e1ja eredm\u00e9nyek\u00e9nt&hellip;\t\t\t<\/div>\n\t\t\t<div class=\"obfx-grid-footer\"><a href=\"https:\/\/ikonikspapanzio.hu\/hu\/josa-andras-muzeum\/\" title=\"B\u0151vebben\">B\u0151vebben<\/a><\/div><\/div><\/article><\/div><\/div><!-- .obfx-grid-container --><\/div><!-- .obfx-grid -->\t\t<\/div>\n\t\t\t\t<\/div>\n\t\t\t\t<div class=\"elementor-element elementor-element-14b3e8b5 elementor-widget elementor-widget-text-editor\" data-id=\"14b3e8b5\" data-element_type=\"widget\" data-widget_type=\"text-editor.default\">\n\t\t\t\t<div class=\"elementor-widget-container\">\n\t\t\t<style>\/*! elementor - v3.23.0 - 05-08-2024 *\/\n.elementor-widget-text-editor.elementor-drop-cap-view-stacked .elementor-drop-cap{background-color:#69727d;color:#fff}.elementor-widget-text-editor.elementor-drop-cap-view-framed .elementor-drop-cap{color:#69727d;border:3px solid;background-color:transparent}.elementor-widget-text-editor:not(.elementor-drop-cap-view-default) .elementor-drop-cap{margin-top:8px}.elementor-widget-text-editor:not(.elementor-drop-cap-view-default) .elementor-drop-cap-letter{width:1em;height:1em}.elementor-widget-text-editor .elementor-drop-cap{float:left;text-align:center;line-height:1;font-size:50px}.elementor-widget-text-editor .elementor-drop-cap-letter{display:inline-block}<\/style>\t\t\t\t<p><\/p>\n\t\t\t\t\t\t<\/div>\n\t\t\t\t<\/div>\n\t\t\t\t\t<\/div>\n\t\t\t\t<\/div>\n\t\t\t\t<\/div>\n\t\t","protected":false},"excerpt":{"rendered":"<p>Ny\u00edregyh\u00e1za l\u00e1tnival\u00f3i Zsinag\u00f3ga A ny\u00edregyh\u00e1zi zsinag\u00f3g\u00e1t Baumhorn Lip\u00f3t \u2013 a korszak legjelent\u0151sebb zsinag\u00f3gatervez\u0151je \u00e9s -\u00e9p\u00edt\u0151je \u2013 tervei alapj\u00e1n \u00e9p\u00edttette az orthodox izraelita hitk\u00f6zs\u00e9g 1923-24-ben, de csak 1932-ben k\u00e9sz\u00fclt el teljesen. Ez a zsinag\u00f3ga&hellip; B\u0151vebben Reform\u00e1tus templom A csod\u00e1latos sz\u00e9ps\u00e9g\u0171 kelet-nyugati fekv\u00e9s\u0171 templom Melhouse J\u00e1nos tervei alapj\u00e1n k\u00e9sz\u00fclt 1873-82 k\u00f6z\u00f6tt, romantikus st\u00edlusban. 1936-ban karzatot \u00e9p\u00edtettek a [&hellip;]<\/p>\n","protected":false},"author":1,"featured_media":0,"parent":0,"menu_order":0,"comment_status":"closed","ping_status":"closed","template":"","meta":{"footnotes":""},"class_list":["post-227","page","type-page","status-publish","hentry"],"_links":{"self":[{"href":"https:\/\/ikonikspapanzio.hu\/hu\/wp-json\/wp\/v2\/pages\/227","targetHints":{"allow":["GET"]}}],"collection":[{"href":"https:\/\/ikonikspapanzio.hu\/hu\/wp-json\/wp\/v2\/pages"}],"about":[{"href":"https:\/\/ikonikspapanzio.hu\/hu\/wp-json\/wp\/v2\/types\/page"}],"author":[{"embeddable":true,"href":"https:\/\/ikonikspapanzio.hu\/hu\/wp-json\/wp\/v2\/users\/1"}],"replies":[{"embeddable":true,"href":"https:\/\/ikonikspapanzio.hu\/hu\/wp-json\/wp\/v2\/comments?post=227"}],"version-history":[{"count":37,"href":"https:\/\/ikonikspapanzio.hu\/hu\/wp-json\/wp\/v2\/pages\/227\/revisions"}],"predecessor-version":[{"id":1265,"href":"https:\/\/ikonikspapanzio.hu\/hu\/wp-json\/wp\/v2\/pages\/227\/revisions\/1265"}],"wp:attachment":[{"href":"https:\/\/ikonikspapanzio.hu\/hu\/wp-json\/wp\/v2\/media?parent=227"}],"curies":[{"name":"wp","href":"https:\/\/api.w.org\/{rel}","templated":true}]}}